

{"id":1852,"date":"2019-07-04T11:41:21","date_gmt":"2019-07-04T14:41:21","guid":{"rendered":"http:\/\/10.10.10.3\/osse2\/?page_id=1852"},"modified":"2026-03-11T13:27:57","modified_gmt":"2026-03-11T16:27:57","slug":"situacion_economica_financiera","status":"publish","type":"page","link":"https:\/\/www.osmgp.gov.ar\/osse\/situacion_economica_financiera\/","title":{"rendered":"Situaci\u00f3n Econ\u00f3mica Financiera"},"content":{"rendered":"<p>[et_pb_section fb_built=&#8221;1&#8243; admin_label=&#8221;section&#8221; _builder_version=&#8221;4.16&#8243; global_colors_info=&#8221;{}&#8221;][et_pb_row custom_padding_last_edited=&#8221;on|phone&#8221; disabled_on=&#8221;off|off|off&#8221; admin_label=&#8221;row&#8221; module_class=&#8221; et_pb_row_fullwidth&#8221; _builder_version=&#8221;4.16&#8243; background_size=&#8221;initial&#8221; background_position=&#8221;top_left&#8221; background_repeat=&#8221;repeat&#8221; width=&#8221;89%&#8221; width_tablet=&#8221;80%&#8221; width_phone=&#8221;80%&#8221; width_last_edited=&#8221;on|desktop&#8221; max_width=&#8221;89%&#8221; max_width_tablet=&#8221;80%&#8221; max_width_phone=&#8221;80%&#8221; max_width_last_edited=&#8221;on|desktop&#8221; custom_padding=&#8221;27px|0px|27px|0px|false|false&#8221; custom_padding_tablet=&#8221;&#8221; custom_padding_phone=&#8221;0px|0px|0px|0px&#8221; z_index_tablet=&#8221;500&#8243; make_fullwidth=&#8221;on&#8221; collapsed=&#8221;off&#8221; global_colors_info=&#8221;{}&#8221;][et_pb_column type=&#8221;4_4&#8243; _builder_version=&#8221;4.16&#8243; custom_padding=&#8221;|||&#8221; global_colors_info=&#8221;{}&#8221; custom_padding__hover=&#8221;|||&#8221;][et_pb_text disabled_on=&#8221;off|off|off&#8221; admin_label=&#8221;Text&#8221; _builder_version=&#8221;4.25.1&#8243; link_font=&#8221;||||||||&#8221; link_text_color=&#8221;#00b3aa&#8221; background_size=&#8221;initial&#8221; background_position=&#8221;top_left&#8221; background_repeat=&#8221;repeat&#8221; link_option_url=&#8221;https:\/\/www.osmgp.gov.ar\/osse\/wp-content\/uploads\/2022\/07\/A165-A6LOM-Situ_Economica_Financiera_2022_20220630.pdf&#8221; link_option_url_new_window=&#8221;on&#8221; hover_enabled=&#8221;0&#8243; z_index_tablet=&#8221;500&#8243; global_colors_info=&#8221;{}&#8221; sticky_enabled=&#8221;0&#8243;]<\/p>\n<p>2025<\/p>\n<hr \/>\n<ul>\n<ul>\n<li><a href=\"https:\/\/www.osmgp.gov.ar\/osse\/wp-content\/uploads\/2026\/03\/31-12-25-Situacion-Economico-Financieroa-Resultado-Articulo-44.pdf\" target=\"_blank\" rel=\"noopener\">Acceda al informe del Estado Econ\u00f3mico Financiero al 31\/12\/2025<\/a><\/li>\n<li><a href=\"https:\/\/www.osmgp.gov.ar\/osse\/wp-content\/uploads\/2025\/07\/ESTADOS-ECONOMICO-FINANCIEROS-al-30-06-2025.pdf\" target=\"_blank\" rel=\"noopener\">Acceda al informe del Estado Econ\u00f3mico Financiero al 30\/06\/2025<\/a><\/li>\n<\/ul>\n<\/ul>\n<p>2024<\/p>\n<hr \/>\n<ul>\n<ul>\n<li><a href=\"https:\/\/www.osmgp.gov.ar\/osse\/wp-content\/uploads\/2025\/03\/Informe-del-Estado-Economico-Financiero-al-31-12-2024.pdf\" target=\"_blank\" rel=\"noopener\">Acceda al informe del Estado Econ\u00f3mico Financiero al 31\/12\/2024<\/a><\/li>\n<li><a href=\"https:\/\/www.osmgp.gov.ar\/osse\/wp-content\/uploads\/2024\/07\/Estados-Financieros-a-30-06-2024.pdf\" target=\"_blank\" rel=\"noopener\">Acceda al informe del Estado Econ\u00f3mico Financiero al 30\/06\/2024<\/a><\/li>\n<\/ul>\n<\/ul>\n<p>2023<\/p>\n<hr \/>\n<ul>\n<li><a href=\"https:\/\/www.osmgp.gov.ar\/osse\/wp-content\/uploads\/2024\/03\/SITUACION-ECONOMICO-FINANCIERA-RESULTADO-ARTICULO-44.pdf\" target=\"_blank\" rel=\"noopener\">Acceda al informe del Estado Econ\u00f3mico Financiero al 31\/12\/2023<\/a><\/li>\n<li><a href=\"https:\/\/www.osmgp.gov.ar\/osse\/wp-content\/uploads\/2023\/07\/Estados-Financieros-a-30-06-2023.pdf\" target=\"_blank\" rel=\"noopener noreferrer\">Acceda al Informe del Estado Econ\u00f3mico Financiero al 30\/06\/2023<\/a><\/li>\n<\/ul>\n<p>2022<\/p>\n<hr \/>\n<ul>\n<li><a href=\"https:\/\/www.osmgp.gov.ar\/osse\/wp-content\/uploads\/2023\/02\/Estado_Economico_Financiero_al_31-12-2022.pdf\" target=\"_blank\" rel=\"noopener noreferrer\">Acceda al informe del Estado Econ\u00f3mico Financiero al 31\/12\/2022<\/a><\/li>\n<\/ul>\n<ul>\n<li><a href=\"https:\/\/www.osmgp.gov.ar\/osse\/wp-content\/uploads\/2022\/07\/Estado_Situacion_Economico_Financiero_30-06-22.pdf\" target=\"_blank\" rel=\"noopener noreferrer\">Acceda al Informe del Estado Econ\u00f3mico Financiero al 30\/06\/2022<\/a><\/li>\n<\/ul>\n<p>2021<\/p>\n<hr \/>\n<ul>\n<li><a href=\"https:\/\/www.osmgp.gov.ar\/osse\/wp-content\/uploads\/2022\/03\/Resultado-Art\u00edculo-44-y-Situaci\u00f3n-Econ\u00f3mico-Financiera.pdf\" target=\"_blank\" rel=\"noopener noreferrer\">Acceda al Informe del Estado Econ\u00f3mico Financiero al 31\/12\/2021<\/a><\/li>\n<\/ul>\n<ul>\n<li><a href=\"https:\/\/www.osmgp.gov.ar\/osse\/wp-content\/uploads\/2021\/07\/Binder1.pdf\" target=\"_blank\" rel=\"noopener noreferrer\">Acceda al Informe del Estado Econ\u00f3mico Financiero al 30\/06\/2021<\/a><\/li>\n<\/ul>\n<p>2020<\/p>\n<hr \/>\n<ul>\n<li><a href=\"https:\/\/www.osmgp.gov.ar\/osse\/wp-content\/uploads\/2020\/08\/Estado-contable-Junio-2020.pdf\" target=\"_blank\" rel=\"noopener\">Acceda al Informe del Estado Econ\u00f3mico Financiero al 30\/06\/2020<\/a><\/li>\n<\/ul>\n<ul>\n<li><a href=\"https:\/\/www.osmgp.gov.ar\/osse\/wp-content\/uploads\/2021\/03\/Documento-Completo.pdf\" target=\"_blank\" rel=\"noopener\">Acceda al Informe del Estado Econ\u00f3mico Financiero al 31\/12\/2020<\/a><\/li>\n<\/ul>\n<p>2019<\/p>\n<hr \/>\n<ul>\n<li><a href=\"https:\/\/www.osmgp.gov.ar\/osse\/wp-content\/uploads\/2020\/08\/PUBLICACION_AL_30_06_2019.pdf\" target=\"_blank\" rel=\"noopener\">Acceda al Informe del Estado Econ\u00f3mico Financiero al 30\/06\/2019<\/a><\/li>\n<\/ul>\n<ul>\n<li><a href=\"https:\/\/www.osmgp.gov.ar\/osse\/wp-content\/uploads\/2020\/03\/PUBLICACION_AL_31_12_20191.pdf\">Acceda al Informe del Estado Econ\u00f3mico Financiero al 31\/12\/2019<\/a><\/li>\n<\/ul>\n<p>2018<\/p>\n<hr \/>\n<ul>\n<li><a href=\"\/osse\/PDF\/economica\/PUBLICACION_AL_30_06_2018.pdf\" target=\"_blank\" rel=\"noopener\">Acceda al Informe del Estado Econ\u00f3mico Financiero al 30\/06\/2018<\/a><\/li>\n<\/ul>\n<ul>\n<li><a href=\"\/osse\/PDF\/economica\/PUBLICACION_AL_31_12_2018.pdf\" target=\"_blank\" rel=\"noopener\">Acceda al Informe del Estado Econ\u00f3mico Financiero al 31\/12\/2018<\/a><\/li>\n<\/ul>\n<p>2017<\/p>\n<hr \/>\n<ul>\n<li><a href=\"\/osse\/PDF\/economica\/PUBLICACION_AL_30_06_2017.pdf\" target=\"_blank\" rel=\"noopener\">Acceda al Informe del Estado Econ\u00f3mico Financiero al 30\/06\/2017<\/a><\/li>\n<\/ul>\n<ul>\n<li><a href=\"\/osse\/PDF\/economica\/PUBLICACION_AL_31_12_2017.pdf\" target=\"_blank\" rel=\"noopener\">Acceda al Informe del Estado Econ\u00f3mico Financiero al 31\/12\/2017<\/a><\/li>\n<\/ul>\n<p>2016<\/p>\n<hr \/>\n<ul>\n<li><a href=\"\/osse\/wp-content\/uploads\/2016\/07\/PUBLICACION-AL-30_06_2016.pdf\" target=\"_blank\" rel=\"noopener\">Acceda al Informe del Estado Econ\u00f3mico Financiero al 30\/06\/2016<\/a><\/li>\n<\/ul>\n<ul>\n<li><a href=\"\/osse\/wp-content\/uploads\/2017\/03\/PUBLICACION_AL_31_12_2016.pdf\" target=\"_blank\" rel=\"noopener\">Acceda al Informe del Estado Econ\u00f3mico Financiero al 31\/12\/2016<\/a><\/li>\n<\/ul>\n<p>2015<\/p>\n<hr \/>\n<ul>\n<li><a href=\"\/osse\/wp-content\/uploads\/2015\/07\/PUBLICACION_30_06_2015.pdf\" target=\"_blank\" rel=\"noopener\">Acceda al Informe del Estado Econ\u00f3mico Financiero al 30\/06\/2015<\/a><\/li>\n<\/ul>\n<ul>\n<li><a href=\"\/osse\/wp-content\/uploads\/2016\/03\/PUBLICACION_AL_31_12_2015.pdf\" target=\"_blank\" rel=\"noopener\">Acceda al Informe del Estado Econ\u00f3mico Financiero al 31\/12\/2015<\/a><\/li>\n<\/ul>\n<p>2014<\/p>\n<hr \/>\n<ul>\n<li><a href=\"\/osse\/wp-content\/uploads\/2014\/07\/PUBLICACION-AL-30_06_2014.pdf\" target=\"_blank\" rel=\"noopener\">Acceda al Informe del Estado Econ\u00f3mico Financiero al 30\/06\/2014<\/a><\/li>\n<\/ul>\n<ul>\n<li><a href=\"\/osse\/wp-content\/uploads\/2015\/03\/PUBLICACION_31_12_2014.pdf\" target=\"_blank\" rel=\"noopener\">Acceda al Informe del Estado Econ\u00f3mico Financiero al 31\/12\/2014<\/a><\/li>\n<\/ul>\n<ul>\n<li><a href=\"\/osse\/wp-content\/uploads\/2015\/03\/BalanceDisponibilidades.pdf\" target=\"_blank\" rel=\"noopener\">Acceda al Balance de Disponibilidades 2014<\/a><\/li>\n<\/ul>\n<p>2013<\/p>\n<hr \/>\n<ul>\n<li><a href=\"\/osse\/admin\/situacion_economica_financiera\/PUBLICACION_30_06_2013.pdf\" target=\"_blank\" rel=\"noopener\">Acceda al Informe del Estado Econ\u00f3mico Financiero al 30\/06\/2013<\/a><\/li>\n<li><a href=\"\/osse\/wp-content\/uploads\/2012\/10\/PUBLICACION_AL_31_12_2013.pdf\" target=\"_blank\" rel=\"noopener\">Acceda al Informe del Estado Econ\u00f3mico Financiero al 31\/12\/2013<\/a><\/li>\n<\/ul>\n<p>2012<\/p>\n<hr \/>\n<ul>\n<li><a href=\"\/osse\/admin\/situacion_economica_financiera\/PUBLICACION_30_06_2012.pdf\" target=\"_blank\" rel=\"noopener\">Acceda al Informe del Estado Econ\u00f3mico Financiero al 30\/06\/2012<\/a><\/li>\n<li><a href=\"\/osse\/wp-content\/uploads\/2016\/07\/PUBLICACION-AL-30_06_2016.pdf\" target=\"_blank\" rel=\"noopener\">Acceda al Informe del Estado Econ\u00f3mico Financiero al 31\/12\/2012<\/a><\/li>\n<\/ul>\n<p>[\/et_pb_text][et_pb_text disabled_on=&#8221;on|on|on&#8221; admin_label=&#8221;Text&#8221; _builder_version=&#8221;4.16&#8243; link_font=&#8221;||||||||&#8221; link_text_color=&#8221;#00b3aa&#8221; background_size=&#8221;initial&#8221; background_position=&#8221;top_left&#8221; background_repeat=&#8221;repeat&#8221; z_index_tablet=&#8221;500&#8243; disabled=&#8221;on&#8221; global_colors_info=&#8221;{}&#8221;]<\/p>\n<p>&nbsp;<\/p>\n<p>&nbsp;<\/p>\n<p>2021<\/p>\n<hr \/>\n<p>&nbsp;<\/p>\n<ul>\n<li><a href=\"https:\/\/www.osmgp.gov.ar\/osse\/wp-content\/uploads\/2022\/03\/Resultado-Art\u00edculo-44-y-Situaci\u00f3n-Econ\u00f3mico-Financiera.pdf\" target=\"_blank\" rel=\"noopener noreferrer\">Acceda al Informe del Estado Econ\u00f3mico Financiero al 31\/12\/2021<\/a><\/li>\n<\/ul>\n<ul>\n<li><a href=\"https:\/\/www.osmgp.gov.ar\/osse\/wp-content\/uploads\/2021\/07\/Binder1.pdf\" target=\"_blank\" rel=\"noopener noreferrer\">Acceda al Informe del Estado Econ\u00f3mico Financiero al 30\/06\/2021<\/a><\/li>\n<\/ul>\n<p>&nbsp;<\/p>\n<p>&nbsp;<\/p>\n<p>2020<\/p>\n<hr \/>\n<p>&nbsp;<\/p>\n<ul>\n<li><a href=\"https:\/\/www.osmgp.gov.ar\/osse\/wp-content\/uploads\/2020\/08\/Estado-contable-Junio-2020.pdf\" target=\"_blank\" rel=\"noopener\">Acceda al Informe del Estado Econ\u00f3mico Financiero al 30\/06\/2020<\/a><\/li>\n<li><a href=\"https:\/\/www.osmgp.gov.ar\/osse\/wp-content\/uploads\/2021\/03\/Documento-Completo.pdf\" target=\"_blank\" rel=\"noopener\">Acceda al Informe del Estado Econ\u00f3mico Financiero al 31\/12\/2020<\/a><\/li>\n<\/ul>\n<p>&nbsp;<\/p>\n<p>&nbsp;<\/p>\n<p>2019<\/p>\n<hr \/>\n<p>&nbsp;<\/p>\n<ul>\n<li><a href=\"https:\/\/www.osmgp.gov.ar\/osse\/wp-content\/uploads\/2020\/08\/PUBLICACION_AL_30_06_2019.pdf\" target=\"_blank\" rel=\"noopener\">Acceda al Informe del Estado Econ\u00f3mico Financiero al 30\/06\/2019<\/a><\/li>\n<li><a href=\"https:\/\/www.osmgp.gov.ar\/osse\/wp-content\/uploads\/2020\/03\/PUBLICACION_AL_31_12_20191.pdf\">Acceda al Informe del Estado Econ\u00f3mico Financiero al 31\/12\/2019<\/a><\/li>\n<\/ul>\n<p>&nbsp;<\/p>\n<p>&nbsp;<\/p>\n<p>2018<\/p>\n<hr \/>\n<p>&nbsp;<\/p>\n<ul>\n<li><a href=\"\/osse\/PDF\/economica\/PUBLICACION_AL_30_06_2018.pdf\" target=\"_blank\" rel=\"noopener\">Acceda al Informe del Estado Econ\u00f3mico Financiero al 30\/06\/2018<\/a><\/li>\n<\/ul>\n<ul>\n<li><a href=\"\/osse\/PDF\/economica\/PUBLICACION_AL_31_12_2018.pdf\" target=\"_blank\" rel=\"noopener\">Acceda al Informe del Estado Econ\u00f3mico Financiero al 31\/12\/2018<\/a><\/li>\n<\/ul>\n<p>&nbsp;<\/p>\n<p>&nbsp;<\/p>\n<p>2017<\/p>\n<hr \/>\n<p>&nbsp;<\/p>\n<ul>\n<li><a href=\"\/osse\/PDF\/economica\/PUBLICACION_AL_30_06_2017.pdf\" target=\"_blank\" rel=\"noopener\">Acceda al Informe del Estado Econ\u00f3mico Financiero al 30\/06\/2017<\/a><\/li>\n<\/ul>\n<ul>\n<li><a href=\"\/osse\/PDF\/economica\/PUBLICACION_AL_31_12_2017.pdf\" target=\"_blank\" rel=\"noopener\">Acceda al Informe del Estado Econ\u00f3mico Financiero al 31\/12\/2017<\/a><\/li>\n<\/ul>\n<p>&nbsp;<\/p>\n<p>&nbsp;<\/p>\n<p>2016<\/p>\n<hr \/>\n<p>&nbsp;<\/p>\n<ul>\n<li><a href=\"\/osse\/wp-content\/uploads\/2016\/07\/PUBLICACION-AL-30_06_2016.pdf\" target=\"_blank\" rel=\"noopener\">Acceda al Informe del Estado Econ\u00f3mico Financiero al 30\/06\/2016<\/a><\/li>\n<\/ul>\n<ul>\n<li><a href=\"\/osse\/wp-content\/uploads\/2017\/03\/PUBLICACION_AL_31_12_2016.pdf\" target=\"_blank\" rel=\"noopener\">Acceda al Informe del Estado Econ\u00f3mico Financiero al 31\/12\/2016<\/a><\/li>\n<\/ul>\n<p>&nbsp;<\/p>\n<p>&nbsp;<\/p>\n<p>2015<\/p>\n<hr \/>\n<p>&nbsp;<\/p>\n<ul>\n<li><a href=\"\/osse\/wp-content\/uploads\/2015\/07\/PUBLICACION_30_06_2015.pdf\" target=\"_blank\" rel=\"noopener\">Acceda al Informe del Estado Econ\u00f3mico Financiero al 30\/06\/2015<\/a><\/li>\n<\/ul>\n<ul>\n<li><a href=\"\/osse\/wp-content\/uploads\/2016\/03\/PUBLICACION_AL_31_12_2015.pdf\" target=\"_blank\" rel=\"noopener\">Acceda al Informe del Estado Econ\u00f3mico Financiero al 31\/12\/2015<\/a><\/li>\n<\/ul>\n<p>&nbsp;<\/p>\n<p>&nbsp;<\/p>\n<p>2014<\/p>\n<hr \/>\n<p>&nbsp;<\/p>\n<ul>\n<li><a href=\"\/osse\/wp-content\/uploads\/2014\/07\/PUBLICACION-AL-30_06_2014.pdf\" target=\"_blank\" rel=\"noopener\">Acceda al Informe del Estado Econ\u00f3mico Financiero al 30\/06\/2014<\/a><\/li>\n<\/ul>\n<ul>\n<li><a href=\"\/osse\/wp-content\/uploads\/2015\/03\/PUBLICACION_31_12_2014.pdf\" target=\"_blank\" rel=\"noopener\">Acceda al Informe del Estado Econ\u00f3mico Financiero al 31\/12\/2014<\/a><\/li>\n<\/ul>\n<ul>\n<li><a href=\"\/osse\/wp-content\/uploads\/2015\/03\/BalanceDisponibilidades.pdf\" target=\"_blank\" rel=\"noopener\">Acceda al Balance de Disponibilidades 2014<\/a><\/li>\n<\/ul>\n<p>&nbsp;<\/p>\n<p>&nbsp;<\/p>\n<p>2013<\/p>\n<hr \/>\n<p>&nbsp;<\/p>\n<ul>\n<li><a href=\"\/osse\/admin\/situacion_economica_financiera\/PUBLICACION_30_06_2013.pdf\" target=\"_blank\" rel=\"noopener\">Acceda al Informe del Estado Econ\u00f3mico Financiero al 30\/06\/2013<\/a><\/li>\n<li><a href=\"\/osse\/wp-content\/uploads\/2012\/10\/PUBLICACION_AL_31_12_2013.pdf\" target=\"_blank\" rel=\"noopener\">Acceda al Informe del Estado Econ\u00f3mico Financiero al 31\/12\/2013<\/a><\/li>\n<\/ul>\n<p>&nbsp;<\/p>\n<p>&nbsp;<\/p>\n<p>2012<\/p>\n<hr \/>\n<p>&nbsp;<\/p>\n<ul>\n<li><a href=\"\/osse\/admin\/situacion_economica_financiera\/PUBLICACION_30_06_2012.pdf\" target=\"_blank\" rel=\"noopener\">Acceda al Informe del Estado Econ\u00f3mico Financiero al 30\/06\/2012<\/a><\/li>\n<\/ul>\n<ul>\n<li><a href=\"\/osse\/wp-content\/uploads\/2016\/07\/PUBLICACION-AL-30_06_2016.pdf\" target=\"_blank\" rel=\"noopener\">Acceda al Informe del Estado Econ\u00f3mico Financiero al 31\/12\/2012<\/a><\/li>\n<\/ul>\n<p>&nbsp;<\/p>\n<p>[\/et_pb_text][et_pb_text disabled_on=&#8221;on|on|on&#8221; admin_label=&#8221;Text&#8221; _builder_version=&#8221;4.16&#8243; link_font=&#8221;||||||||&#8221; link_text_color=&#8221;#00b3aa&#8221; background_size=&#8221;initial&#8221; background_position=&#8221;top_left&#8221; background_repeat=&#8221;repeat&#8221; z_index_tablet=&#8221;500&#8243; disabled=&#8221;on&#8221; global_colors_info=&#8221;{}&#8221;]<\/p>\n<p>&nbsp;<\/p>\n<p>&nbsp;<\/p>\n<p>2021<\/p>\n<hr \/>\n<p>&nbsp;<\/p>\n<ul>\n<li><a href=\"https:\/\/www.osmgp.gov.ar\/osse\/wp-content\/uploads\/2022\/03\/Resultado-Art\u00edculo-44-y-Situaci\u00f3n-Econ\u00f3mico-Financiera.pdf\" target=\"_blank\" rel=\"noopener noreferrer\">Acceda al Informe del Estado Econ\u00f3mico Financiero al 31\/12\/2021<\/a><\/li>\n<\/ul>\n<ul>\n<li><a href=\"https:\/\/www.osmgp.gov.ar\/osse\/wp-content\/uploads\/2021\/07\/Binder1.pdf\" target=\"_blank\" rel=\"noopener noreferrer\">Acceda al Informe del Estado Econ\u00f3mico Financiero al 30\/06\/2021<\/a><\/li>\n<\/ul>\n<p>&nbsp;<\/p>\n<p>&nbsp;<\/p>\n<p>2020<\/p>\n<hr \/>\n<p>&nbsp;<\/p>\n<ul>\n<li><a href=\"https:\/\/www.osmgp.gov.ar\/osse\/wp-content\/uploads\/2020\/08\/Estado-contable-Junio-2020.pdf\" target=\"_blank\" rel=\"noopener\">Acceda al Informe del Estado Econ\u00f3mico Financiero al 30\/06\/2020<\/a><\/li>\n<li><a href=\"https:\/\/www.osmgp.gov.ar\/osse\/wp-content\/uploads\/2021\/03\/Documento-Completo.pdf\" target=\"_blank\" rel=\"noopener\">Acceda al Informe del Estado Econ\u00f3mico Financiero al 31\/12\/2020<\/a><\/li>\n<\/ul>\n<p>&nbsp;<\/p>\n<p>&nbsp;<\/p>\n<p>2019<\/p>\n<hr \/>\n<p>&nbsp;<\/p>\n<ul>\n<li><a href=\"https:\/\/www.osmgp.gov.ar\/osse\/wp-content\/uploads\/2020\/08\/PUBLICACION_AL_30_06_2019.pdf\" target=\"_blank\" rel=\"noopener\">Acceda al Informe del Estado Econ\u00f3mico Financiero al 30\/06\/2019<\/a><\/li>\n<li><a href=\"https:\/\/www.osmgp.gov.ar\/osse\/wp-content\/uploads\/2020\/03\/PUBLICACION_AL_31_12_20191.pdf\">Acceda al Informe del Estado Econ\u00f3mico Financiero al 31\/12\/2019<\/a><\/li>\n<\/ul>\n<p>&nbsp;<\/p>\n<p>&nbsp;<\/p>\n<p>2018<\/p>\n<hr \/>\n<p>&nbsp;<\/p>\n<ul>\n<li><a href=\"\/osse\/PDF\/economica\/PUBLICACION_AL_30_06_2018.pdf\" target=\"_blank\" rel=\"noopener\">Acceda al Informe del Estado Econ\u00f3mico Financiero al 30\/06\/2018<\/a><\/li>\n<\/ul>\n<ul>\n<li><a href=\"\/osse\/PDF\/economica\/PUBLICACION_AL_31_12_2018.pdf\" target=\"_blank\" rel=\"noopener\">Acceda al Informe del Estado Econ\u00f3mico Financiero al 31\/12\/2018<\/a><\/li>\n<\/ul>\n<p>&nbsp;<\/p>\n<p>&nbsp;<\/p>\n<p>2017<\/p>\n<hr \/>\n<p>&nbsp;<\/p>\n<ul>\n<li><a href=\"\/osse\/PDF\/economica\/PUBLICACION_AL_30_06_2017.pdf\" target=\"_blank\" rel=\"noopener\">Acceda al Informe del Estado Econ\u00f3mico Financiero al 30\/06\/2017<\/a><\/li>\n<\/ul>\n<ul>\n<li><a href=\"\/osse\/PDF\/economica\/PUBLICACION_AL_31_12_2017.pdf\" target=\"_blank\" rel=\"noopener\">Acceda al Informe del Estado Econ\u00f3mico Financiero al 31\/12\/2017<\/a><\/li>\n<\/ul>\n<p>&nbsp;<\/p>\n<p>&nbsp;<\/p>\n<p>2016<\/p>\n<hr \/>\n<p>&nbsp;<\/p>\n<ul>\n<li><a href=\"\/osse\/wp-content\/uploads\/2016\/07\/PUBLICACION-AL-30_06_2016.pdf\" target=\"_blank\" rel=\"noopener\">Acceda al Informe del Estado Econ\u00f3mico Financiero al 30\/06\/2016<\/a><\/li>\n<\/ul>\n<ul>\n<li><a href=\"\/osse\/wp-content\/uploads\/2017\/03\/PUBLICACION_AL_31_12_2016.pdf\" target=\"_blank\" rel=\"noopener\">Acceda al Informe del Estado Econ\u00f3mico Financiero al 31\/12\/2016<\/a><\/li>\n<\/ul>\n<p>&nbsp;<\/p>\n<p>&nbsp;<\/p>\n<p>2015<\/p>\n<hr \/>\n<p>&nbsp;<\/p>\n<ul>\n<li><a href=\"\/osse\/wp-content\/uploads\/2015\/07\/PUBLICACION_30_06_2015.pdf\" target=\"_blank\" rel=\"noopener\">Acceda al Informe del Estado Econ\u00f3mico Financiero al 30\/06\/2015<\/a><\/li>\n<\/ul>\n<ul>\n<li><a href=\"\/osse\/wp-content\/uploads\/2016\/03\/PUBLICACION_AL_31_12_2015.pdf\" target=\"_blank\" rel=\"noopener\">Acceda al Informe del Estado Econ\u00f3mico Financiero al 31\/12\/2015<\/a><\/li>\n<\/ul>\n<p>&nbsp;<\/p>\n<p>&nbsp;<\/p>\n<p>2014<\/p>\n<hr \/>\n<p>&nbsp;<\/p>\n<ul>\n<li><a href=\"\/osse\/wp-content\/uploads\/2014\/07\/PUBLICACION-AL-30_06_2014.pdf\" target=\"_blank\" rel=\"noopener\">Acceda al Informe del Estado Econ\u00f3mico Financiero al 30\/06\/2014<\/a><\/li>\n<\/ul>\n<ul>\n<li><a href=\"\/osse\/wp-content\/uploads\/2015\/03\/PUBLICACION_31_12_2014.pdf\" target=\"_blank\" rel=\"noopener\">Acceda al Informe del Estado Econ\u00f3mico Financiero al 31\/12\/2014<\/a><\/li>\n<\/ul>\n<ul>\n<li><a href=\"\/osse\/wp-content\/uploads\/2015\/03\/BalanceDisponibilidades.pdf\" target=\"_blank\" rel=\"noopener\">Acceda al Balance de Disponibilidades 2014<\/a><\/li>\n<\/ul>\n<p>&nbsp;<\/p>\n<p>&nbsp;<\/p>\n<p>2013<\/p>\n<hr \/>\n<p>&nbsp;<\/p>\n<ul>\n<li><a href=\"\/osse\/admin\/situacion_economica_financiera\/PUBLICACION_30_06_2013.pdf\" target=\"_blank\" rel=\"noopener\">Acceda al Informe del Estado Econ\u00f3mico Financiero al 30\/06\/2013<\/a><\/li>\n<li><a href=\"\/osse\/wp-content\/uploads\/2012\/10\/PUBLICACION_AL_31_12_2013.pdf\" target=\"_blank\" rel=\"noopener\">Acceda al Informe del Estado Econ\u00f3mico Financiero al 31\/12\/2013<\/a><\/li>\n<\/ul>\n<p>&nbsp;<\/p>\n<p>&nbsp;<\/p>\n<p>2012<\/p>\n<hr \/>\n<p>&nbsp;<\/p>\n<ul>\n<li><a href=\"\/osse\/admin\/situacion_economica_financiera\/PUBLICACION_30_06_2012.pdf\" target=\"_blank\" rel=\"noopener\">Acceda al Informe del Estado Econ\u00f3mico Financiero al 30\/06\/2012<\/a><\/li>\n<\/ul>\n<ul>\n<li><a href=\"\/osse\/wp-content\/uploads\/2016\/07\/PUBLICACION-AL-30_06_2016.pdf\" target=\"_blank\" rel=\"noopener\">Acceda al Informe del Estado Econ\u00f3mico Financiero al 31\/12\/2012<\/a><\/li>\n<\/ul>\n<p>&nbsp;<\/p>\n<p>[\/et_pb_text][\/et_pb_column][\/et_pb_row][et_pb_row disabled_on=&#8221;on|on|on&#8221; admin_label=&#8221;row&#8221; _builder_version=&#8221;4.16&#8243; background_size=&#8221;initial&#8221; background_position=&#8221;top_left&#8221; background_repeat=&#8221;repeat&#8221; custom_padding=&#8221;27px|0px|27px|0px|false|false&#8221; z_index_tablet=&#8221;500&#8243; disabled=&#8221;on&#8221; global_colors_info=&#8221;{}&#8221;][et_pb_column type=&#8221;4_4&#8243; _builder_version=&#8221;4.16&#8243; custom_padding=&#8221;|||&#8221; global_colors_info=&#8221;{}&#8221; custom_padding__hover=&#8221;|||&#8221;][et_pb_text disabled_on=&#8221;off|off|off&#8221; admin_label=&#8221;Text&#8221; _builder_version=&#8221;4.16&#8243; link_font=&#8221;||||||||&#8221; link_text_color=&#8221;#00b3aa&#8221; background_size=&#8221;initial&#8221; background_position=&#8221;top_left&#8221; background_repeat=&#8221;repeat&#8221; z_index_tablet=&#8221;500&#8243; global_colors_info=&#8221;{}&#8221;]<\/p>\n<p>&nbsp;<\/p>\n<p>&nbsp;<\/p>\n<p>2021<\/p>\n<hr \/>\n<p>&nbsp;<\/p>\n<ul>\n<li><a href=\"https:\/\/www.osmgp.gov.ar\/osse\/wp-content\/uploads\/2022\/03\/Resultado-Art\u00edculo-44-y-Situaci\u00f3n-Econ\u00f3mico-Financiera.pdf\" target=\"_blank\" rel=\"noopener noreferrer\">Acceda al Informe del Estado Econ\u00f3mico Financiero al 31\/12\/2021<\/a><\/li>\n<\/ul>\n<ul>\n<li><a href=\"https:\/\/www.osmgp.gov.ar\/osse\/wp-content\/uploads\/2021\/07\/Binder1.pdf\" target=\"_blank\" rel=\"noopener noreferrer\">Acceda al Informe del Estado Econ\u00f3mico Financiero al 30\/06\/2021<\/a><\/li>\n<\/ul>\n<p>&nbsp;<\/p>\n<p>&nbsp;<\/p>\n<p>2020<\/p>\n<hr \/>\n<p>&nbsp;<\/p>\n<ul>\n<li><a href=\"https:\/\/www.osmgp.gov.ar\/osse\/wp-content\/uploads\/2020\/08\/Estado-contable-Junio-2020.pdf\" target=\"_blank\" rel=\"noopener\">Acceda al Informe del Estado Econ\u00f3mico Financiero al 30\/06\/2020<\/a><\/li>\n<li><a href=\"https:\/\/www.osmgp.gov.ar\/osse\/wp-content\/uploads\/2021\/03\/Documento-Completo.pdf\" target=\"_blank\" rel=\"noopener\">Acceda al Informe del Estado Econ\u00f3mico Financiero al 31\/12\/2020<\/a><\/li>\n<\/ul>\n<p>&nbsp;<\/p>\n<p>&nbsp;<\/p>\n<p>2019<\/p>\n<hr \/>\n<p>&nbsp;<\/p>\n<ul>\n<li><a href=\"https:\/\/www.osmgp.gov.ar\/osse\/wp-content\/uploads\/2020\/08\/PUBLICACION_AL_30_06_2019.pdf\" target=\"_blank\" rel=\"noopener\">Acceda al Informe del Estado Econ\u00f3mico Financiero al 30\/06\/2019<\/a><\/li>\n<li><a href=\"https:\/\/www.osmgp.gov.ar\/osse\/wp-content\/uploads\/2020\/03\/PUBLICACION_AL_31_12_20191.pdf\">Acceda al Informe del Estado Econ\u00f3mico Financiero al 31\/12\/2019<\/a><\/li>\n<\/ul>\n<p>&nbsp;<\/p>\n<p>&nbsp;<\/p>\n<p>2018<\/p>\n<hr \/>\n<p>&nbsp;<\/p>\n<ul>\n<li><a href=\"\/osse\/PDF\/economica\/PUBLICACION_AL_30_06_2018.pdf\" target=\"_blank\" rel=\"noopener\">Acceda al Informe del Estado Econ\u00f3mico Financiero al 30\/06\/2018<\/a><\/li>\n<\/ul>\n<ul>\n<li><a href=\"\/osse\/PDF\/economica\/PUBLICACION_AL_31_12_2018.pdf\" target=\"_blank\" rel=\"noopener\">Acceda al Informe del Estado Econ\u00f3mico Financiero al 31\/12\/2018<\/a><\/li>\n<\/ul>\n<p>&nbsp;<\/p>\n<p>&nbsp;<\/p>\n<p>2017<\/p>\n<hr \/>\n<p>&nbsp;<\/p>\n<ul>\n<li><a href=\"\/osse\/PDF\/economica\/PUBLICACION_AL_30_06_2017.pdf\" target=\"_blank\" rel=\"noopener\">Acceda al Informe del Estado Econ\u00f3mico Financiero al 30\/06\/2017<\/a><\/li>\n<\/ul>\n<ul>\n<li><a href=\"\/osse\/PDF\/economica\/PUBLICACION_AL_31_12_2017.pdf\" target=\"_blank\" rel=\"noopener\">Acceda al Informe del Estado Econ\u00f3mico Financiero al 31\/12\/2017<\/a><\/li>\n<\/ul>\n<p>&nbsp;<\/p>\n<p>&nbsp;<\/p>\n<p>2016<\/p>\n<hr \/>\n<p>&nbsp;<\/p>\n<ul>\n<li><a href=\"\/osse\/wp-content\/uploads\/2016\/07\/PUBLICACION-AL-30_06_2016.pdf\" target=\"_blank\" rel=\"noopener\">Acceda al Informe del Estado Econ\u00f3mico Financiero al 30\/06\/2016<\/a><\/li>\n<\/ul>\n<ul>\n<li><a href=\"\/osse\/wp-content\/uploads\/2017\/03\/PUBLICACION_AL_31_12_2016.pdf\" target=\"_blank\" rel=\"noopener\">Acceda al Informe del Estado Econ\u00f3mico Financiero al 31\/12\/2016<\/a><\/li>\n<\/ul>\n<p>&nbsp;<\/p>\n<p>&nbsp;<\/p>\n<p>2015<\/p>\n<hr \/>\n<p>&nbsp;<\/p>\n<ul>\n<li><a href=\"\/osse\/wp-content\/uploads\/2015\/07\/PUBLICACION_30_06_2015.pdf\" target=\"_blank\" rel=\"noopener\">Acceda al Informe del Estado Econ\u00f3mico Financiero al 30\/06\/2015<\/a><\/li>\n<\/ul>\n<ul>\n<li><a href=\"\/osse\/wp-content\/uploads\/2016\/03\/PUBLICACION_AL_31_12_2015.pdf\" target=\"_blank\" rel=\"noopener\">Acceda al Informe del Estado Econ\u00f3mico Financiero al 31\/12\/2015<\/a><\/li>\n<\/ul>\n<p>&nbsp;<\/p>\n<p>&nbsp;<\/p>\n<p>2014<\/p>\n<hr \/>\n<p>&nbsp;<\/p>\n<ul>\n<li><a href=\"\/osse\/wp-content\/uploads\/2014\/07\/PUBLICACION-AL-30_06_2014.pdf\" target=\"_blank\" rel=\"noopener\">Acceda al Informe del Estado Econ\u00f3mico Financiero al 30\/06\/2014<\/a><\/li>\n<\/ul>\n<ul>\n<li><a href=\"\/osse\/wp-content\/uploads\/2015\/03\/PUBLICACION_31_12_2014.pdf\" target=\"_blank\" rel=\"noopener\">Acceda al Informe del Estado Econ\u00f3mico Financiero al 31\/12\/2014<\/a><\/li>\n<\/ul>\n<ul>\n<li><a href=\"\/osse\/wp-content\/uploads\/2015\/03\/BalanceDisponibilidades.pdf\" target=\"_blank\" rel=\"noopener\">Acceda al Balance de Disponibilidades 2014<\/a><\/li>\n<\/ul>\n<p>&nbsp;<\/p>\n<p>&nbsp;<\/p>\n<p>2013<\/p>\n<hr \/>\n<p>&nbsp;<\/p>\n<ul>\n<li><a href=\"\/osse\/admin\/situacion_economica_financiera\/PUBLICACION_30_06_2013.pdf\" target=\"_blank\" rel=\"noopener\">Acceda al Informe del Estado Econ\u00f3mico Financiero al 30\/06\/2013<\/a><\/li>\n<li><a href=\"\/osse\/wp-content\/uploads\/2012\/10\/PUBLICACION_AL_31_12_2013.pdf\" target=\"_blank\" rel=\"noopener\">Acceda al Informe del Estado Econ\u00f3mico Financiero al 31\/12\/2013<\/a><\/li>\n<\/ul>\n<p>&nbsp;<\/p>\n<p>&nbsp;<\/p>\n<p>2012<\/p>\n<hr \/>\n<p>&nbsp;<\/p>\n<ul>\n<li><a href=\"\/osse\/admin\/situacion_economica_financiera\/PUBLICACION_30_06_2012.pdf\" target=\"_blank\" rel=\"noopener\">Acceda al Informe del Estado Econ\u00f3mico Financiero al 30\/06\/2012<\/a><\/li>\n<\/ul>\n<ul>\n<li><a href=\"\/osse\/wp-content\/uploads\/2016\/07\/PUBLICACION-AL-30_06_2016.pdf\" target=\"_blank\" rel=\"noopener\">Acceda al Informe del Estado Econ\u00f3mico Financiero al 31\/12\/2012<\/a><\/li>\n<\/ul>\n<p>&nbsp;<\/p>\n<p>[\/et_pb_text][et_pb_text disabled_on=&#8221;on|on|on&#8221; admin_label=&#8221;Text&#8221; _builder_version=&#8221;4.16&#8243; link_font=&#8221;||||||||&#8221; link_text_color=&#8221;#00b3aa&#8221; background_size=&#8221;initial&#8221; background_position=&#8221;top_left&#8221; background_repeat=&#8221;repeat&#8221; z_index_tablet=&#8221;500&#8243; disabled=&#8221;on&#8221; global_colors_info=&#8221;{}&#8221;]<\/p>\n<p>&nbsp;<\/p>\n<p>&nbsp;<\/p>\n<p>2021<\/p>\n<hr \/>\n<p>&nbsp;<\/p>\n<ul>\n<li><a href=\"https:\/\/www.osmgp.gov.ar\/osse\/wp-content\/uploads\/2022\/03\/Resultado-Art\u00edculo-44-y-Situaci\u00f3n-Econ\u00f3mico-Financiera.pdf\" target=\"_blank\" rel=\"noopener noreferrer\">Acceda al Informe del Estado Econ\u00f3mico Financiero al 31\/12\/2021<\/a><\/li>\n<\/ul>\n<ul>\n<li><a href=\"https:\/\/www.osmgp.gov.ar\/osse\/wp-content\/uploads\/2021\/07\/Binder1.pdf\" target=\"_blank\" rel=\"noopener noreferrer\">Acceda al Informe del Estado Econ\u00f3mico Financiero al 30\/06\/2021<\/a><\/li>\n<\/ul>\n<p>&nbsp;<\/p>\n<p>&nbsp;<\/p>\n<p>2020<\/p>\n<hr \/>\n<p>&nbsp;<\/p>\n<ul>\n<li><a href=\"https:\/\/www.osmgp.gov.ar\/osse\/wp-content\/uploads\/2020\/08\/Estado-contable-Junio-2020.pdf\" target=\"_blank\" rel=\"noopener\">Acceda al Informe del Estado Econ\u00f3mico Financiero al 30\/06\/2020<\/a><\/li>\n<li><a href=\"https:\/\/www.osmgp.gov.ar\/osse\/wp-content\/uploads\/2021\/03\/Documento-Completo.pdf\" target=\"_blank\" rel=\"noopener\">Acceda al Informe del Estado Econ\u00f3mico Financiero al 31\/12\/2020<\/a><\/li>\n<\/ul>\n<p>&nbsp;<\/p>\n<p>&nbsp;<\/p>\n<p>2019<\/p>\n<hr \/>\n<p>&nbsp;<\/p>\n<ul>\n<li><a href=\"https:\/\/www.osmgp.gov.ar\/osse\/wp-content\/uploads\/2020\/08\/PUBLICACION_AL_30_06_2019.pdf\" target=\"_blank\" rel=\"noopener\">Acceda al Informe del Estado Econ\u00f3mico Financiero al 30\/06\/2019<\/a><\/li>\n<li><a href=\"https:\/\/www.osmgp.gov.ar\/osse\/wp-content\/uploads\/2020\/03\/PUBLICACION_AL_31_12_20191.pdf\">Acceda al Informe del Estado Econ\u00f3mico Financiero al 31\/12\/2019<\/a><\/li>\n<\/ul>\n<p>&nbsp;<\/p>\n<p>&nbsp;<\/p>\n<p>2018<\/p>\n<hr \/>\n<p>&nbsp;<\/p>\n<ul>\n<li><a href=\"\/osse\/PDF\/economica\/PUBLICACION_AL_30_06_2018.pdf\" target=\"_blank\" rel=\"noopener\">Acceda al Informe del Estado Econ\u00f3mico Financiero al 30\/06\/2018<\/a><\/li>\n<\/ul>\n<ul>\n<li><a href=\"\/osse\/PDF\/economica\/PUBLICACION_AL_31_12_2018.pdf\" target=\"_blank\" rel=\"noopener\">Acceda al Informe del Estado Econ\u00f3mico Financiero al 31\/12\/2018<\/a><\/li>\n<\/ul>\n<p>&nbsp;<\/p>\n<p>&nbsp;<\/p>\n<p>2017<\/p>\n<hr \/>\n<p>&nbsp;<\/p>\n<ul>\n<li><a href=\"\/osse\/PDF\/economica\/PUBLICACION_AL_30_06_2017.pdf\" target=\"_blank\" rel=\"noopener\">Acceda al Informe del Estado Econ\u00f3mico Financiero al 30\/06\/2017<\/a><\/li>\n<\/ul>\n<ul>\n<li><a href=\"\/osse\/PDF\/economica\/PUBLICACION_AL_31_12_2017.pdf\" target=\"_blank\" rel=\"noopener\">Acceda al Informe del Estado Econ\u00f3mico Financiero al 31\/12\/2017<\/a><\/li>\n<\/ul>\n<p>&nbsp;<\/p>\n<p>&nbsp;<\/p>\n<p>2016<\/p>\n<hr \/>\n<p>&nbsp;<\/p>\n<ul>\n<li><a href=\"\/osse\/wp-content\/uploads\/2016\/07\/PUBLICACION-AL-30_06_2016.pdf\" target=\"_blank\" rel=\"noopener\">Acceda al Informe del Estado Econ\u00f3mico Financiero al 30\/06\/2016<\/a><\/li>\n<\/ul>\n<ul>\n<li><a href=\"\/osse\/wp-content\/uploads\/2017\/03\/PUBLICACION_AL_31_12_2016.pdf\" target=\"_blank\" rel=\"noopener\">Acceda al Informe del Estado Econ\u00f3mico Financiero al 31\/12\/2016<\/a><\/li>\n<\/ul>\n<p>&nbsp;<\/p>\n<p>&nbsp;<\/p>\n<p>2015<\/p>\n<hr \/>\n<p>&nbsp;<\/p>\n<ul>\n<li><a href=\"\/osse\/wp-content\/uploads\/2015\/07\/PUBLICACION_30_06_2015.pdf\" target=\"_blank\" rel=\"noopener\">Acceda al Informe del Estado Econ\u00f3mico Financiero al 30\/06\/2015<\/a><\/li>\n<\/ul>\n<ul>\n<li><a href=\"\/osse\/wp-content\/uploads\/2016\/03\/PUBLICACION_AL_31_12_2015.pdf\" target=\"_blank\" rel=\"noopener\">Acceda al Informe del Estado Econ\u00f3mico Financiero al 31\/12\/2015<\/a><\/li>\n<\/ul>\n<p>&nbsp;<\/p>\n<p>&nbsp;<\/p>\n<p>2014<\/p>\n<hr \/>\n<p>&nbsp;<\/p>\n<ul>\n<li><a href=\"\/osse\/wp-content\/uploads\/2014\/07\/PUBLICACION-AL-30_06_2014.pdf\" target=\"_blank\" rel=\"noopener\">Acceda al Informe del Estado Econ\u00f3mico Financiero al 30\/06\/2014<\/a><\/li>\n<\/ul>\n<ul>\n<li><a href=\"\/osse\/wp-content\/uploads\/2015\/03\/PUBLICACION_31_12_2014.pdf\" target=\"_blank\" rel=\"noopener\">Acceda al Informe del Estado Econ\u00f3mico Financiero al 31\/12\/2014<\/a><\/li>\n<\/ul>\n<ul>\n<li><a href=\"\/osse\/wp-content\/uploads\/2015\/03\/BalanceDisponibilidades.pdf\" target=\"_blank\" rel=\"noopener\">Acceda al Balance de Disponibilidades 2014<\/a><\/li>\n<\/ul>\n<p>&nbsp;<\/p>\n<p>&nbsp;<\/p>\n<p>2013<\/p>\n<hr \/>\n<p>&nbsp;<\/p>\n<ul>\n<li><a href=\"\/osse\/admin\/situacion_economica_financiera\/PUBLICACION_30_06_2013.pdf\" target=\"_blank\" rel=\"noopener\">Acceda al Informe del Estado Econ\u00f3mico Financiero al 30\/06\/2013<\/a><\/li>\n<li><a href=\"\/osse\/wp-content\/uploads\/2012\/10\/PUBLICACION_AL_31_12_2013.pdf\" target=\"_blank\" rel=\"noopener\">Acceda al Informe del Estado Econ\u00f3mico Financiero al 31\/12\/2013<\/a><\/li>\n<\/ul>\n<p>&nbsp;<\/p>\n<p>&nbsp;<\/p>\n<p>2012<\/p>\n<hr \/>\n<p>&nbsp;<\/p>\n<ul>\n<li><a href=\"\/osse\/admin\/situacion_economica_financiera\/PUBLICACION_30_06_2012.pdf\" target=\"_blank\" rel=\"noopener\">Acceda al Informe del Estado Econ\u00f3mico Financiero al 30\/06\/2012<\/a><\/li>\n<\/ul>\n<ul>\n<li><a href=\"\/osse\/wp-content\/uploads\/2016\/07\/PUBLICACION-AL-30_06_2016.pdf\" target=\"_blank\" rel=\"noopener\">Acceda al Informe del Estado Econ\u00f3mico Financiero al 31\/12\/2012<\/a><\/li>\n<\/ul>\n<p>&nbsp;<\/p>\n<p>[\/et_pb_text][et_pb_text disabled_on=&#8221;on|on|on&#8221; admin_label=&#8221;Text&#8221; _builder_version=&#8221;4.16&#8243; link_font=&#8221;||||||||&#8221; link_text_color=&#8221;#00b3aa&#8221; background_size=&#8221;initial&#8221; background_position=&#8221;top_left&#8221; background_repeat=&#8221;repeat&#8221; z_index_tablet=&#8221;500&#8243; disabled=&#8221;on&#8221; global_colors_info=&#8221;{}&#8221;]<\/p>\n<p>&nbsp;<\/p>\n<p>&nbsp;<\/p>\n<p>2021<\/p>\n<hr \/>\n<p>&nbsp;<\/p>\n<ul>\n<li><a href=\"https:\/\/www.osmgp.gov.ar\/osse\/wp-content\/uploads\/2022\/03\/Resultado-Art\u00edculo-44-y-Situaci\u00f3n-Econ\u00f3mico-Financiera.pdf\" target=\"_blank\" rel=\"noopener noreferrer\">Acceda al Informe del Estado Econ\u00f3mico Financiero al 31\/12\/2021<\/a><\/li>\n<\/ul>\n<ul>\n<li><a href=\"https:\/\/www.osmgp.gov.ar\/osse\/wp-content\/uploads\/2021\/07\/Binder1.pdf\" target=\"_blank\" rel=\"noopener noreferrer\">Acceda al Informe del Estado Econ\u00f3mico Financiero al 30\/06\/2021<\/a><\/li>\n<\/ul>\n<p>&nbsp;<\/p>\n<p>&nbsp;<\/p>\n<p>2020<\/p>\n<hr \/>\n<p>&nbsp;<\/p>\n<ul>\n<li><a href=\"https:\/\/www.osmgp.gov.ar\/osse\/wp-content\/uploads\/2020\/08\/Estado-contable-Junio-2020.pdf\" target=\"_blank\" rel=\"noopener\">Acceda al Informe del Estado Econ\u00f3mico Financiero al 30\/06\/2020<\/a><\/li>\n<li><a href=\"https:\/\/www.osmgp.gov.ar\/osse\/wp-content\/uploads\/2021\/03\/Documento-Completo.pdf\" target=\"_blank\" rel=\"noopener\">Acceda al Informe del Estado Econ\u00f3mico Financiero al 31\/12\/2020<\/a><\/li>\n<\/ul>\n<p>&nbsp;<\/p>\n<p>&nbsp;<\/p>\n<p>2019<\/p>\n<hr \/>\n<p>&nbsp;<\/p>\n<ul>\n<li><a href=\"https:\/\/www.osmgp.gov.ar\/osse\/wp-content\/uploads\/2020\/08\/PUBLICACION_AL_30_06_2019.pdf\" target=\"_blank\" rel=\"noopener\">Acceda al Informe del Estado Econ\u00f3mico Financiero al 30\/06\/2019<\/a><\/li>\n<li><a href=\"https:\/\/www.osmgp.gov.ar\/osse\/wp-content\/uploads\/2020\/03\/PUBLICACION_AL_31_12_20191.pdf\">Acceda al Informe del Estado Econ\u00f3mico Financiero al 31\/12\/2019<\/a><\/li>\n<\/ul>\n<p>&nbsp;<\/p>\n<p>&nbsp;<\/p>\n<p>2018<\/p>\n<hr \/>\n<p>&nbsp;<\/p>\n<ul>\n<li><a href=\"\/osse\/PDF\/economica\/PUBLICACION_AL_30_06_2018.pdf\" target=\"_blank\" rel=\"noopener\">Acceda al Informe del Estado Econ\u00f3mico Financiero al 30\/06\/2018<\/a><\/li>\n<\/ul>\n<ul>\n<li><a href=\"\/osse\/PDF\/economica\/PUBLICACION_AL_31_12_2018.pdf\" target=\"_blank\" rel=\"noopener\">Acceda al Informe del Estado Econ\u00f3mico Financiero al 31\/12\/2018<\/a><\/li>\n<\/ul>\n<p>&nbsp;<\/p>\n<p>&nbsp;<\/p>\n<p>2017<\/p>\n<hr \/>\n<p>&nbsp;<\/p>\n<ul>\n<li><a href=\"\/osse\/PDF\/economica\/PUBLICACION_AL_30_06_2017.pdf\" target=\"_blank\" rel=\"noopener\">Acceda al Informe del Estado Econ\u00f3mico Financiero al 30\/06\/2017<\/a><\/li>\n<\/ul>\n<ul>\n<li><a href=\"\/osse\/PDF\/economica\/PUBLICACION_AL_31_12_2017.pdf\" target=\"_blank\" rel=\"noopener\">Acceda al Informe del Estado Econ\u00f3mico Financiero al 31\/12\/2017<\/a><\/li>\n<\/ul>\n<p>&nbsp;<\/p>\n<p>&nbsp;<\/p>\n<p>2016<\/p>\n<hr \/>\n<p>&nbsp;<\/p>\n<ul>\n<li><a href=\"\/osse\/wp-content\/uploads\/2016\/07\/PUBLICACION-AL-30_06_2016.pdf\" target=\"_blank\" rel=\"noopener\">Acceda al Informe del Estado Econ\u00f3mico Financiero al 30\/06\/2016<\/a><\/li>\n<\/ul>\n<ul>\n<li><a href=\"\/osse\/wp-content\/uploads\/2017\/03\/PUBLICACION_AL_31_12_2016.pdf\" target=\"_blank\" rel=\"noopener\">Acceda al Informe del Estado Econ\u00f3mico Financiero al 31\/12\/2016<\/a><\/li>\n<\/ul>\n<p>&nbsp;<\/p>\n<p>&nbsp;<\/p>\n<p>2015<\/p>\n<hr \/>\n<p>&nbsp;<\/p>\n<ul>\n<li><a href=\"\/osse\/wp-content\/uploads\/2015\/07\/PUBLICACION_30_06_2015.pdf\" target=\"_blank\" rel=\"noopener\">Acceda al Informe del Estado Econ\u00f3mico Financiero al 30\/06\/2015<\/a><\/li>\n<\/ul>\n<ul>\n<li><a href=\"\/osse\/wp-content\/uploads\/2016\/03\/PUBLICACION_AL_31_12_2015.pdf\" target=\"_blank\" rel=\"noopener\">Acceda al Informe del Estado Econ\u00f3mico Financiero al 31\/12\/2015<\/a><\/li>\n<\/ul>\n<p>&nbsp;<\/p>\n<p>&nbsp;<\/p>\n<p>2014<\/p>\n<hr \/>\n<p>&nbsp;<\/p>\n<ul>\n<li><a href=\"\/osse\/wp-content\/uploads\/2014\/07\/PUBLICACION-AL-30_06_2014.pdf\" target=\"_blank\" rel=\"noopener\">Acceda al Informe del Estado Econ\u00f3mico Financiero al 30\/06\/2014<\/a><\/li>\n<\/ul>\n<ul>\n<li><a href=\"\/osse\/wp-content\/uploads\/2015\/03\/PUBLICACION_31_12_2014.pdf\" target=\"_blank\" rel=\"noopener\">Acceda al Informe del Estado Econ\u00f3mico Financiero al 31\/12\/2014<\/a><\/li>\n<\/ul>\n<ul>\n<li><a href=\"\/osse\/wp-content\/uploads\/2015\/03\/BalanceDisponibilidades.pdf\" target=\"_blank\" rel=\"noopener\">Acceda al Balance de Disponibilidades 2014<\/a><\/li>\n<\/ul>\n<p>&nbsp;<\/p>\n<p>&nbsp;<\/p>\n<p>2013<\/p>\n<hr \/>\n<p>&nbsp;<\/p>\n<ul>\n<li><a href=\"\/osse\/admin\/situacion_economica_financiera\/PUBLICACION_30_06_2013.pdf\" target=\"_blank\" rel=\"noopener\">Acceda al Informe del Estado Econ\u00f3mico Financiero al 30\/06\/2013<\/a><\/li>\n<li><a href=\"\/osse\/wp-content\/uploads\/2012\/10\/PUBLICACION_AL_31_12_2013.pdf\" target=\"_blank\" rel=\"noopener\">Acceda al Informe del Estado Econ\u00f3mico Financiero al 31\/12\/2013<\/a><\/li>\n<\/ul>\n<p>&nbsp;<\/p>\n<p>&nbsp;<\/p>\n<p>2012<\/p>\n<hr \/>\n<p>&nbsp;<\/p>\n<ul>\n<li><a href=\"\/osse\/admin\/situacion_economica_financiera\/PUBLICACION_30_06_2012.pdf\" target=\"_blank\" rel=\"noopener\">Acceda al Informe del Estado Econ\u00f3mico Financiero al 30\/06\/2012<\/a><\/li>\n<\/ul>\n<ul>\n<li><a href=\"\/osse\/wp-content\/uploads\/2016\/07\/PUBLICACION-AL-30_06_2016.pdf\" target=\"_blank\" rel=\"noopener\">Acceda al Informe del Estado Econ\u00f3mico Financiero al 31\/12\/2012<\/a><\/li>\n<\/ul>\n<p>&nbsp;<\/p>\n<p>[\/et_pb_text][\/et_pb_column][\/et_pb_row][et_pb_row disabled_on=&#8221;on|on|on&#8221; admin_label=&#8221;row&#8221; _builder_version=&#8221;4.16&#8243; background_size=&#8221;initial&#8221; background_position=&#8221;top_left&#8221; background_repeat=&#8221;repeat&#8221; custom_padding=&#8221;27px|0px|27px|0px|false|false&#8221; z_index_tablet=&#8221;500&#8243; disabled=&#8221;on&#8221; global_colors_info=&#8221;{}&#8221;][et_pb_column type=&#8221;4_4&#8243; _builder_version=&#8221;4.16&#8243; custom_padding=&#8221;|||&#8221; global_colors_info=&#8221;{}&#8221; custom_padding__hover=&#8221;|||&#8221;][et_pb_text admin_label=&#8221;Text&#8221; _builder_version=&#8221;4.16&#8243; link_font=&#8221;||||||||&#8221; link_text_color=&#8221;#00b3aa&#8221; background_size=&#8221;initial&#8221; background_position=&#8221;top_left&#8221; background_repeat=&#8221;repeat&#8221; z_index_tablet=&#8221;500&#8243; global_colors_info=&#8221;{}&#8221;]<\/p>\n<p><span style=\"text-decoration: underline;\"><\/span><\/p>\n<p>&nbsp;<\/p>\n<p>2021<\/p>\n<hr \/>\n<p>&nbsp;<\/p>\n<ul>\n<li><span><a href=\"https:\/\/www.osmgp.gov.ar\/osse\/wp-content\/uploads\/2022\/03\/Resultado-Art\u00edculo-44-y-Situaci\u00f3n-Econ\u00f3mico-Financiera.pdf\" target=\"_blank\" rel=\"noopener noreferrer\">Acceda al Informe del Estado Econ\u00f3mico Financiero al 31\/12\/2021<\/a><\/span><\/li>\n<\/ul>\n<ul>\n<li><span><a href=\"https:\/\/www.osmgp.gov.ar\/osse\/wp-content\/uploads\/2021\/07\/Binder1.pdf\" target=\"_blank\" rel=\"noopener noreferrer\">Acceda al Informe del Estado Econ\u00f3mico Financiero al 30\/06\/2021<\/a><\/span><\/li>\n<\/ul>\n<p>&nbsp;<\/p>\n<p>&nbsp;<\/p>\n<p>2020<\/p>\n<hr \/>\n<p>&nbsp;<\/p>\n<ul>\n<li><span><a href=\"https:\/\/www.osmgp.gov.ar\/osse\/wp-content\/uploads\/2020\/08\/Estado-contable-Junio-2020.pdf\" target=\"_blank\" rel=\"noopener\">Acceda al Informe del Estado Econ\u00f3mico Financiero al 30\/06\/2020<\/a><\/span><\/li>\n<li><span><a href=\"https:\/\/www.osmgp.gov.ar\/osse\/wp-content\/uploads\/2021\/03\/Documento-Completo.pdf\" target=\"_blank\" rel=\"noopener\">Acceda al Informe del Estado Econ\u00f3mico Financiero al 31\/12\/2020<\/a><\/span><\/li>\n<\/ul>\n<p>&nbsp;<\/p>\n<p>&nbsp;<\/p>\n<p>2019<\/p>\n<hr \/>\n<p>&nbsp;<\/p>\n<ul>\n<li><span><a href=\"https:\/\/www.osmgp.gov.ar\/osse\/wp-content\/uploads\/2020\/08\/PUBLICACION_AL_30_06_2019.pdf\" target=\"_blank\" rel=\"noopener\">Acceda al Informe del Estado Econ\u00f3mico Financiero al 30\/06\/2019<\/a><\/span><\/li>\n<li><a href=\"https:\/\/www.osmgp.gov.ar\/osse\/wp-content\/uploads\/2020\/03\/PUBLICACION_AL_31_12_20191.pdf\">Acceda al Informe del Estado Econ\u00f3mico Financiero al 31\/12\/2019<\/a><\/li>\n<\/ul>\n<p>&nbsp;<\/p>\n<p>&nbsp;<\/p>\n<p>2018<\/p>\n<hr \/>\n<p>&nbsp;<\/p>\n<ul>\n<li><span><a href=\"\/osse\/PDF\/economica\/PUBLICACION_AL_30_06_2018.pdf\" target=\"_blank\" rel=\"noopener\">Acceda al Informe del Estado Econ\u00f3mico Financiero al 30\/06\/2018<\/a><\/span><\/li>\n<\/ul>\n<ul>\n<li><span><a href=\"\/osse\/PDF\/economica\/PUBLICACION_AL_31_12_2018.pdf\" target=\"_blank\" rel=\"noopener\">Acceda al Informe del Estado Econ\u00f3mico Financiero al 31\/12\/2018<\/a><\/span><\/li>\n<\/ul>\n<p>&nbsp;<\/p>\n<p>&nbsp;<\/p>\n<p>2017<\/p>\n<hr \/>\n<p>&nbsp;<\/p>\n<ul>\n<li><span><a href=\"\/osse\/PDF\/economica\/PUBLICACION_AL_30_06_2017.pdf\" target=\"_blank\" rel=\"noopener\">Acceda al Informe del Estado Econ\u00f3mico Financiero al 30\/06\/2017<\/a><\/span><\/li>\n<\/ul>\n<ul>\n<li><span><a href=\"\/osse\/PDF\/economica\/PUBLICACION_AL_31_12_2017.pdf\" target=\"_blank\" rel=\"noopener\">Acceda al Informe del Estado Econ\u00f3mico Financiero al 31\/12\/2017<\/a><\/span><\/li>\n<\/ul>\n<p>&nbsp;<\/p>\n<p>&nbsp;<\/p>\n<p>2016<\/p>\n<hr \/>\n<p>&nbsp;<\/p>\n<ul>\n<li><span><a href=\"\/osse\/wp-content\/uploads\/2016\/07\/PUBLICACION-AL-30_06_2016.pdf\" target=\"_blank\" rel=\"noopener\">Acceda al Informe del Estado Econ\u00f3mico Financiero al 30\/06\/2016<\/a><\/span><\/li>\n<\/ul>\n<ul>\n<li><span><a href=\"\/osse\/wp-content\/uploads\/2017\/03\/PUBLICACION_AL_31_12_2016.pdf\" target=\"_blank\" rel=\"noopener\">Acceda al Informe del Estado Econ\u00f3mico Financiero al 31\/12\/2016<\/a><\/span><\/li>\n<\/ul>\n<p>&nbsp;<\/p>\n<p><span><\/span><\/p>\n<p>2015<\/p>\n<hr \/>\n<p>&nbsp;<\/p>\n<ul>\n<li><span><a href=\"\/osse\/wp-content\/uploads\/2015\/07\/PUBLICACION_30_06_2015.pdf\" target=\"_blank\" rel=\"noopener\">Acceda al Informe del Estado Econ\u00f3mico Financiero al 30\/06\/2015<\/a><\/span><\/li>\n<\/ul>\n<ul>\n<li><span><a href=\"\/osse\/wp-content\/uploads\/2016\/03\/PUBLICACION_AL_31_12_2015.pdf\" target=\"_blank\" rel=\"noopener\">Acceda al Informe del Estado Econ\u00f3mico Financiero al 31\/12\/2015<\/a><\/span><\/li>\n<\/ul>\n<p>&nbsp;<\/p>\n<p>&nbsp;<\/p>\n<p>2014<\/p>\n<hr \/>\n<p>&nbsp;<\/p>\n<ul>\n<li><span><a href=\"\/osse\/wp-content\/uploads\/2014\/07\/PUBLICACION-AL-30_06_2014.pdf\" target=\"_blank\" rel=\"noopener\">Acceda al Informe del Estado Econ\u00f3mico Financiero al 30\/06\/2014<\/a><\/span><\/li>\n<\/ul>\n<ul>\n<li><span><a href=\"\/osse\/wp-content\/uploads\/2015\/03\/PUBLICACION_31_12_2014.pdf\" target=\"_blank\" rel=\"noopener\">Acceda al Informe del Estado Econ\u00f3mico Financiero al 31\/12\/2014<\/a><\/span><\/li>\n<\/ul>\n<ul>\n<li><span><a href=\"\/osse\/wp-content\/uploads\/2015\/03\/BalanceDisponibilidades.pdf\" target=\"_blank\" rel=\"noopener\">Acceda al Balance de Disponibilidades 2014<\/a><\/span><br \/> <span><\/span><\/li>\n<\/ul>\n<p>&nbsp;<\/p>\n<p>&nbsp;<\/p>\n<p>2013<\/p>\n<hr \/>\n<p>&nbsp;<\/p>\n<ul>\n<li><span><a href=\"\/osse\/admin\/situacion_economica_financiera\/PUBLICACION_30_06_2013.pdf\" target=\"_blank\" rel=\"noopener\">Acceda al Informe del Estado Econ\u00f3mico Financiero al 30\/06\/2013<\/a><\/span><\/li>\n<li><span><a href=\"\/osse\/wp-content\/uploads\/2012\/10\/PUBLICACION_AL_31_12_2013.pdf\" target=\"_blank\" rel=\"noopener\">Acceda al Informe del Estado Econ\u00f3mico Financiero al 31\/12\/2013<\/a><\/span><br \/> <span><\/span><\/li>\n<\/ul>\n<p>&nbsp;<\/p>\n<p><span><\/span><\/p>\n<p>2012<\/p>\n<hr \/>\n<p>&nbsp;<\/p>\n<ul>\n<li><span> <a href=\"\/osse\/admin\/situacion_economica_financiera\/PUBLICACION_30_06_2012.pdf\" target=\"_blank\" rel=\"noopener\">Acceda al Informe del Estado Econ\u00f3mico Financiero al 30\/06\/2012<\/a><\/span><\/li>\n<\/ul>\n<ul>\n<li><span> <a href=\"\/osse\/wp-content\/uploads\/2016\/07\/PUBLICACION-AL-30_06_2016.pdf\" target=\"_blank\" rel=\"noopener\">Acceda al Informe del Estado Econ\u00f3mico Financiero al 31\/12\/2012<\/a><\/span><\/li>\n<\/ul>\n<p>&nbsp;<\/p>\n<p>[\/et_pb_text][et_pb_text admin_label=&#8221;Text&#8221; _builder_version=&#8221;4.16&#8243; link_font=&#8221;||||||||&#8221; link_text_color=&#8221;#00b3aa&#8221; background_size=&#8221;initial&#8221; background_position=&#8221;top_left&#8221; background_repeat=&#8221;repeat&#8221; z_index_tablet=&#8221;500&#8243; global_colors_info=&#8221;{}&#8221;]<\/p>\n<p><span style=\"text-decoration: underline;\"><\/span><\/p>\n<p>&nbsp;<\/p>\n<p>2021<\/p>\n<hr \/>\n<p>&nbsp;<\/p>\n<ul>\n<li><span><a href=\"https:\/\/www.osmgp.gov.ar\/osse\/wp-content\/uploads\/2022\/03\/Resultado-Art\u00edculo-44-y-Situaci\u00f3n-Econ\u00f3mico-Financiera.pdf\" target=\"_blank\" rel=\"noopener noreferrer\">Acceda al Informe del Estado Econ\u00f3mico Financiero al 31\/12\/2021<\/a><\/span><\/li>\n<\/ul>\n<ul>\n<li><span><a href=\"https:\/\/www.osmgp.gov.ar\/osse\/wp-content\/uploads\/2021\/07\/Binder1.pdf\" target=\"_blank\" rel=\"noopener noreferrer\">Acceda al Informe del Estado Econ\u00f3mico Financiero al 30\/06\/2021<\/a><\/span><\/li>\n<\/ul>\n<p>&nbsp;<\/p>\n<p>&nbsp;<\/p>\n<p>2020<\/p>\n<hr \/>\n<p>&nbsp;<\/p>\n<ul>\n<li><span><a href=\"https:\/\/www.osmgp.gov.ar\/osse\/wp-content\/uploads\/2020\/08\/Estado-contable-Junio-2020.pdf\" target=\"_blank\" rel=\"noopener\">Acceda al Informe del Estado Econ\u00f3mico Financiero al 30\/06\/2020<\/a><\/span><\/li>\n<li><span><a href=\"https:\/\/www.osmgp.gov.ar\/osse\/wp-content\/uploads\/2021\/03\/Documento-Completo.pdf\" target=\"_blank\" rel=\"noopener\">Acceda al Informe del Estado Econ\u00f3mico Financiero al 31\/12\/2020<\/a><\/span><\/li>\n<\/ul>\n<p>&nbsp;<\/p>\n<p>&nbsp;<\/p>\n<p>2019<\/p>\n<hr \/>\n<p>&nbsp;<\/p>\n<ul>\n<li><span><a href=\"https:\/\/www.osmgp.gov.ar\/osse\/wp-content\/uploads\/2020\/08\/PUBLICACION_AL_30_06_2019.pdf\" target=\"_blank\" rel=\"noopener\">Acceda al Informe del Estado Econ\u00f3mico Financiero al 30\/06\/2019<\/a><\/span><\/li>\n<li><a href=\"https:\/\/www.osmgp.gov.ar\/osse\/wp-content\/uploads\/2020\/03\/PUBLICACION_AL_31_12_20191.pdf\">Acceda al Informe del Estado Econ\u00f3mico Financiero al 31\/12\/2019<\/a><\/li>\n<\/ul>\n<p>&nbsp;<\/p>\n<p>&nbsp;<\/p>\n<p>2018<\/p>\n<hr \/>\n<p>&nbsp;<\/p>\n<ul>\n<li><span><a href=\"\/osse\/PDF\/economica\/PUBLICACION_AL_30_06_2018.pdf\" target=\"_blank\" rel=\"noopener\">Acceda al Informe del Estado Econ\u00f3mico Financiero al 30\/06\/2018<\/a><\/span><\/li>\n<\/ul>\n<ul>\n<li><span><a href=\"\/osse\/PDF\/economica\/PUBLICACION_AL_31_12_2018.pdf\" target=\"_blank\" rel=\"noopener\">Acceda al Informe del Estado Econ\u00f3mico Financiero al 31\/12\/2018<\/a><\/span><\/li>\n<\/ul>\n<p>&nbsp;<\/p>\n<p>&nbsp;<\/p>\n<p>2017<\/p>\n<hr \/>\n<p>&nbsp;<\/p>\n<ul>\n<li><span><a href=\"\/osse\/PDF\/economica\/PUBLICACION_AL_30_06_2017.pdf\" target=\"_blank\" rel=\"noopener\">Acceda al Informe del Estado Econ\u00f3mico Financiero al 30\/06\/2017<\/a><\/span><\/li>\n<\/ul>\n<ul>\n<li><span><a href=\"\/osse\/PDF\/economica\/PUBLICACION_AL_31_12_2017.pdf\" target=\"_blank\" rel=\"noopener\">Acceda al Informe del Estado Econ\u00f3mico Financiero al 31\/12\/2017<\/a><\/span><\/li>\n<\/ul>\n<p>&nbsp;<\/p>\n<p>&nbsp;<\/p>\n<p>2016<\/p>\n<hr \/>\n<p>&nbsp;<\/p>\n<ul>\n<li><span><a href=\"\/osse\/wp-content\/uploads\/2016\/07\/PUBLICACION-AL-30_06_2016.pdf\" target=\"_blank\" rel=\"noopener\">Acceda al Informe del Estado Econ\u00f3mico Financiero al 30\/06\/2016<\/a><\/span><\/li>\n<\/ul>\n<ul>\n<li><span><a href=\"\/osse\/wp-content\/uploads\/2017\/03\/PUBLICACION_AL_31_12_2016.pdf\" target=\"_blank\" rel=\"noopener\">Acceda al Informe del Estado Econ\u00f3mico Financiero al 31\/12\/2016<\/a><\/span><\/li>\n<\/ul>\n<p>&nbsp;<\/p>\n<p><span><\/span><\/p>\n<p>2015<\/p>\n<hr \/>\n<p>&nbsp;<\/p>\n<ul>\n<li><span><a href=\"\/osse\/wp-content\/uploads\/2015\/07\/PUBLICACION_30_06_2015.pdf\" target=\"_blank\" rel=\"noopener\">Acceda al Informe del Estado Econ\u00f3mico Financiero al 30\/06\/2015<\/a><\/span><\/li>\n<\/ul>\n<ul>\n<li><span><a href=\"\/osse\/wp-content\/uploads\/2016\/03\/PUBLICACION_AL_31_12_2015.pdf\" target=\"_blank\" rel=\"noopener\">Acceda al Informe del Estado Econ\u00f3mico Financiero al 31\/12\/2015<\/a><\/span><\/li>\n<\/ul>\n<p>&nbsp;<\/p>\n<p>&nbsp;<\/p>\n<p>2014<\/p>\n<hr \/>\n<p>&nbsp;<\/p>\n<ul>\n<li><span><a href=\"\/osse\/wp-content\/uploads\/2014\/07\/PUBLICACION-AL-30_06_2014.pdf\" target=\"_blank\" rel=\"noopener\">Acceda al Informe del Estado Econ\u00f3mico Financiero al 30\/06\/2014<\/a><\/span><\/li>\n<\/ul>\n<ul>\n<li><span><a href=\"\/osse\/wp-content\/uploads\/2015\/03\/PUBLICACION_31_12_2014.pdf\" target=\"_blank\" rel=\"noopener\">Acceda al Informe del Estado Econ\u00f3mico Financiero al 31\/12\/2014<\/a><\/span><\/li>\n<\/ul>\n<ul>\n<li><span><a href=\"\/osse\/wp-content\/uploads\/2015\/03\/BalanceDisponibilidades.pdf\" target=\"_blank\" rel=\"noopener\">Acceda al Balance de Disponibilidades 2014<\/a><\/span><br \/> <span><\/span><\/li>\n<\/ul>\n<p>&nbsp;<\/p>\n<p>&nbsp;<\/p>\n<p>2013<\/p>\n<hr \/>\n<p>&nbsp;<\/p>\n<ul>\n<li><span><a href=\"\/osse\/admin\/situacion_economica_financiera\/PUBLICACION_30_06_2013.pdf\" target=\"_blank\" rel=\"noopener\">Acceda al Informe del Estado Econ\u00f3mico Financiero al 30\/06\/2013<\/a><\/span><\/li>\n<li><span><a href=\"\/osse\/wp-content\/uploads\/2012\/10\/PUBLICACION_AL_31_12_2013.pdf\" target=\"_blank\" rel=\"noopener\">Acceda al Informe del Estado Econ\u00f3mico Financiero al 31\/12\/2013<\/a><\/span><br \/> <span><\/span><\/li>\n<\/ul>\n<p>&nbsp;<\/p>\n<p><span><\/span><\/p>\n<p>2012<\/p>\n<hr \/>\n<p>&nbsp;<\/p>\n<ul>\n<li><span> <a href=\"\/osse\/admin\/situacion_economica_financiera\/PUBLICACION_30_06_2012.pdf\" target=\"_blank\" rel=\"noopener\">Acceda al Informe del Estado Econ\u00f3mico Financiero al 30\/06\/2012<\/a><\/span><\/li>\n<\/ul>\n<ul>\n<li><span> <a href=\"\/osse\/wp-content\/uploads\/2016\/07\/PUBLICACION-AL-30_06_2016.pdf\" target=\"_blank\" rel=\"noopener\">Acceda al Informe del Estado Econ\u00f3mico Financiero al 31\/12\/2012<\/a><\/span><\/li>\n<\/ul>\n<p>&nbsp;<\/p>\n<p>[\/et_pb_text][\/et_pb_column][\/et_pb_row][\/et_pb_section]<\/p>\n","protected":false},"excerpt":{"rendered":"<p>2025 Acceda al informe del Estado Econ\u00f3mico Financiero al 31\/12\/2025 Acceda al informe del Estado Econ\u00f3mico Financiero al 30\/06\/2025 2024 Acceda al informe del Estado Econ\u00f3mico Financiero al 31\/12\/2024 Acceda al informe del Estado Econ\u00f3mico Financiero al 30\/06\/2024 2023 Acceda al informe del Estado Econ\u00f3mico Financiero al 31\/12\/2023 Acceda al Informe del Estado Econ\u00f3mico Financiero [&hellip;]<\/p>\n","protected":false},"author":1,"featured_media":0,"parent":0,"menu_order":0,"comment_status":"closed","ping_status":"closed","template":"","meta":{"_et_pb_use_builder":"on","_et_pb_old_content":"2012\r\n\r\n<hr \/>\r\n\r\n<ul>\r\n \t<li><span style=\"text-decoration: underline;\"> <a href=\"\/osse\/admin\/situacion_economica_financiera\/PUBLICACION_30_06_2012.pdf\" target=\"_blank\" rel=\"noopener\">Acceda al Informe del Estado Econ\u00f3mico Financiero al 30\/06\/2012<\/a><\/span><\/li>\r\n<\/ul>\r\n<ul>\r\n \t<li><span style=\"text-decoration: underline;\"><span style=\"text-decoration: underline;\"> <a href=\"\/osse\/wp-content\/uploads\/2016\/07\/PUBLICACION-AL-30_06_2016.pdf\" target=\"_blank\" rel=\"noopener\">Acceda al Informe del Estado Econ\u00f3mico Financiero al 31\/12\/2012<\/a><\/span><\/span><\/li>\r\n<\/ul>\r\n2013\r\n\r\n<hr \/>\r\n\r\n<ul>\r\n \t<li><span style=\"text-decoration: underline;\"><a href=\"\/osse\/admin\/situacion_economica_financiera\/PUBLICACION_30_06_2013.pdf\" target=\"_blank\" rel=\"noopener\">Acceda al Informe del Estado Econ\u00f3mico Financiero al 30\/06\/2013<\/a><\/span><\/li>\r\n \t<li><span style=\"text-decoration: underline;\"><a href=\"\/osse\/wp-content\/uploads\/2012\/10\/PUBLICACION_AL_31_12_2013.pdf\" target=\"_blank\" rel=\"noopener\">Acceda al Informe del Estado Econ\u00f3mico Financiero al 31\/12\/2013<\/a><\/span><\/li>\r\n<\/ul>\r\n2014\r\n\r\n<hr \/>\r\n\r\n<ul>\r\n \t<li><span style=\"text-decoration: underline;\"><a href=\"\/osse\/wp-content\/uploads\/2014\/07\/PUBLICACION-AL-30_06_2014.pdf\" target=\"_blank\" rel=\"noopener\">Acceda al Informe del Estado Econ\u00f3mico Financiero al 30\/06\/2014<\/a><\/span><\/li>\r\n<\/ul>\r\n<ul>\r\n \t<li><span style=\"text-decoration: underline;\"><a href=\"\/osse\/wp-content\/uploads\/2015\/03\/PUBLICACION_31_12_2014.pdf\" target=\"_blank\" rel=\"noopener\">Acceda al Informe del Estado Econ\u00f3mico Financiero al 31\/12\/2014<\/a><\/span><\/li>\r\n<\/ul>\r\n<ul>\r\n \t<li><span style=\"text-decoration: underline;\"><span style=\"text-decoration: underline;\"><a href=\"\/osse\/wp-content\/uploads\/2015\/03\/BalanceDisponibilidades.pdf\" target=\"_blank\" rel=\"noopener\">Acceda al Balance de Disponibilidades 2014<\/a><\/span><\/span><\/li>\r\n<\/ul>\r\n2015\r\n\r\n<hr \/>\r\n\r\n<ul>\r\n \t<li><span style=\"text-decoration: underline;\"><a href=\"\/osse\/wp-content\/uploads\/2015\/07\/PUBLICACION_30_06_2015.pdf\" target=\"_blank\" rel=\"noopener\">Acceda al Informe del Estado Econ\u00f3mico Financiero al 30\/06\/2015<\/a><\/span><\/li>\r\n<\/ul>\r\n<ul>\r\n \t<li><span style=\"text-decoration: underline;\"><a href=\"\/osse\/wp-content\/uploads\/2016\/03\/PUBLICACION_AL_31_12_2015.pdf\" target=\"_blank\" rel=\"noopener\">Acceda al Informe del Estado Econ\u00f3mico Financiero al 31\/12\/2015<\/a><\/span><\/li>\r\n<\/ul>\r\n2016\r\n\r\n<hr \/>\r\n\r\n<ul>\r\n \t<li><span style=\"text-decoration: underline;\"><a href=\"\/osse\/wp-content\/uploads\/2016\/07\/PUBLICACION-AL-30_06_2016.pdf\" target=\"_blank\" rel=\"noopener\">Acceda al Informe del Estado Econ\u00f3mico Financiero al 30\/06\/2016<\/a><\/span><\/li>\r\n<\/ul>\r\n<ul>\r\n \t<li><span style=\"text-decoration: underline;\"><a href=\"\/osse\/wp-content\/uploads\/2017\/03\/PUBLICACION_AL_31_12_2016.pdf\" target=\"_blank\" rel=\"noopener\">Acceda al Informe del Estado Econ\u00f3mico Financiero al 31\/12\/2016<\/a><\/span><\/li>\r\n<\/ul>\r\n2017\r\n\r\n<hr \/>\r\n\r\n<ul>\r\n \t<li><span style=\"text-decoration: underline;\"><a href=\"\/osse\/PDF\/economica\/PUBLICACION_AL_30_06_2017.pdf\" target=\"_blank\" rel=\"noopener\">Acceda al Informe del Estado Econ\u00f3mico Financiero al 30\/06\/2017<\/a><\/span><\/li>\r\n<\/ul>\r\n<ul>\r\n \t<li><span style=\"text-decoration: underline;\"><a href=\"\/osse\/PDF\/economica\/PUBLICACION_AL_31_12_2017.pdf\" target=\"_blank\" rel=\"noopener\">Acceda al Informe del Estado Econ\u00f3mico Financiero al 31\/12\/2017<\/a><\/span><\/li>\r\n<\/ul>\r\n2018\r\n\r\n<hr \/>\r\n\r\n<ul>\r\n \t<li><span style=\"text-decoration: underline;\"><a href=\"\/osse\/PDF\/economica\/PUBLICACION_AL_30_06_2018.pdf\" target=\"_blank\" rel=\"noopener\">Acceda al Informe del Estado Econ\u00f3mico Financiero al 30\/06\/2018<\/a><\/span><\/li>\r\n<\/ul>\r\n<ul>\r\n \t<li><span style=\"text-decoration: underline;\"><a href=\"\/osse\/PDF\/economica\/PUBLICACION_AL_31_12_2018.pdf\" target=\"_blank\" rel=\"noopener\">Acceda al Informe del Estado Econ\u00f3mico Financiero al 31\/12\/2018<\/a><\/span><\/li>\r\n<\/ul>\r\n2019\r\n\r\n<hr \/>\r\n\r\n<ul>\r\n \t<li><span style=\"text-decoration: underline;\"><a href=\"\/osse\/PDF\/economica\/PUBLICACION_AL_30_06_2019.pdf\" target=\"_blank\" rel=\"noopener\">Acceda al Informe del Estado Econ\u00f3mico Financiero al 30\/06\/2019<\/a><\/span><\/li>\r\n \t<li><a href=\"http:\/\/www.osmgp.gov.ar\/osse\/wp-content\/uploads\/2020\/03\/PUBLICACION_AL_31_12_20191.pdf\">Acceda al Informe del Estado Econ\u00f3mico Financiero al 31\/12\/2019<\/a><\/li>\r\n<\/ul>\r\n\u00a0\r\n\r\n2020\r\n\r\n<hr \/>\r\n\r\n<ul>\r\n \t<li><span style=\"text-decoration: underline;\"><a href=\"http:\/\/www.osmgp.gov.ar\/osse\/wp-content\/uploads\/2020\/07\/A09.A0-Situ_Economica_Financiera_2020_20200630.pdf\" target=\"_blank\" rel=\"noopener\">Acceda al Informe del Estado Econ\u00f3mico Financiero al 30\/06\/2020<\/a><\/span><\/li>\r\n<\/ul>","_et_gb_content_width":""},"_links":{"self":[{"href":"https:\/\/www.osmgp.gov.ar\/osse\/wp-json\/wp\/v2\/pages\/1852"}],"collection":[{"href":"https:\/\/www.osmgp.gov.ar\/osse\/wp-json\/wp\/v2\/pages"}],"about":[{"href":"https:\/\/www.osmgp.gov.ar\/osse\/wp-json\/wp\/v2\/types\/page"}],"author":[{"embeddable":true,"href":"https:\/\/www.osmgp.gov.ar\/osse\/wp-json\/wp\/v2\/users\/1"}],"replies":[{"embeddable":true,"href":"https:\/\/www.osmgp.gov.ar\/osse\/wp-json\/wp\/v2\/comments?post=1852"}],"version-history":[{"count":77,"href":"https:\/\/www.osmgp.gov.ar\/osse\/wp-json\/wp\/v2\/pages\/1852\/revisions"}],"predecessor-version":[{"id":14414,"href":"https:\/\/www.osmgp.gov.ar\/osse\/wp-json\/wp\/v2\/pages\/1852\/revisions\/14414"}],"wp:attachment":[{"href":"https:\/\/www.osmgp.gov.ar\/osse\/wp-json\/wp\/v2\/media?parent=1852"}],"curies":[{"name":"wp","href":"https:\/\/api.w.org\/{rel}","templated":true}]}}